{"id":99,"date":"2018-02-08T18:38:14","date_gmt":"2018-02-08T17:38:14","guid":{"rendered":"http:\/\/localtest.com\/?post_type=dt_portfolio&#038;p=99"},"modified":"2019-07-28T07:50:45","modified_gmt":"2019-07-28T06:50:45","slug":"privacidad-digital-el-yo-en-la-banda-de-moebius","status":"publish","type":"dt_portfolio","link":"https:\/\/transversalia.consorcimuseus.gva.es\/es\/ejes\/privacidad-digital-el-yo-en-la-banda-de-moebius\/","title":{"rendered":"Privacidad digital. El yo en la banda de Moebius"},"content":{"rendered":"<div class=\"wpb-content-wrapper\"><p>[vc_row][vc_column width=\u00bb1\/3&#8243;][vc_single_image image=\u00bb88&#8243; img_size=\u00bb\u00bb alignment=\u00bbcenter\u00bb image_hovers=\u00bbfalse\u00bb][vc_column_text]<\/p>\n<h4><strong>Privacidad<\/strong><strong> digital. El yo en la banda de Moebius<\/strong><\/h4>\n<p>En nuestra interacci\u00f3n cotidiana con los dispositivos digitales y los servicios de Internet, asumimos que tanto los aparatos como las plataformas de contenidos est\u00e1n a nuestro servicio y que obtenemos de la Red aquello que queremos, incluso sin dar nada a cambio. Pero en realidad estamos facilitando datos constantemente y alimentando un sistema dise\u00f1ado para ayudarnos a compartir cada vez m\u00e1s, a registrar, cuantificar y difundir todo lo que hacemos, d\u00f3nde nos encontramos e incluso qu\u00e9 pensamos. Nuestra intimidad est\u00e1 cada vez m\u00e1s expuesta, hasta el punto en que se confunde lo privado y lo p\u00fablico, lo ajeno y lo propio. Pero esto no se produce por imposici\u00f3n de un gobierno totalitario, como imagin\u00f3 George Orwell en 1984. No se trata simplemente del control ejercido por un Gran Hermano, sino del deseo de cada individuo de mostrarse ante los dem\u00e1s en una sociedad que celebra el individualismo y una industria tecnol\u00f3gica que facilita los medios para hacerlo y se financia con nuestros datos.<\/p>\n<p>Con todo, la clave est\u00e1 en preguntarnos: \u00bfPor qu\u00e9 necesitamos hacernos visibles en las redes sociales? \u00bfC\u00f3mo construimos nuestro ego a base de likes? Las tecnolog\u00edas digitales han creado situaciones para las que a\u00fan no se han asentado unas normas sociales, y cuyas consecuencias nos cuesta prever. Las obras de diversos artistas que trabajan con nuevos medios ofrecen un marco de reflexi\u00f3n y experimentaci\u00f3n en el que se revelan las maneras en que est\u00e1 cambiando nuestra intimidad y c\u00f3mo se forma la identidad personal en la sociedad de la informaci\u00f3n. Examinando diversos proyectos art\u00edsticos y las aportaciones de te\u00f3ricos e investigadores, plantearemos algunos temas con los que trabajar en torno al concepto de privacidad en la era digital y la formaci\u00f3n del yo en un espacio incierto que, como una banda de Moebius, no distingue entre interior y exterior.[\/vc_column_text][\/vc_column][vc_column width=\u00bb1\/3&#8243;][vc_single_image image=\u00bb167&#8243; img_size=\u00bbfull\u00bb alignment=\u00bbcenter\u00bb style=\u00bbvc_box_circle_2&#8243; image_hovers=\u00bbfalse\u00bb][vc_column_text]<\/p>\n<h4><strong>Pau Waelder<\/strong><\/h4>\n<p>Cr\u00edtico de arte, investigador y comisario. Doctor en Sociedad de la Informaci\u00f3n y el Conocimiento por la Universitat Oberta de Catalunya (UOC), donde ejerce como profesor colaborador en Humanidades. Como docente e investigador, ha dado cursos y conferencias en numerosas universidades y centros de arte contempor\u00e1neo. Es autor de material docente de diversas asignaturas del Grado de Humanidades de la UOC y de varios cursos de arte y cultura digital realizados por la UOC y LABoral Centro de Arte y Creaci\u00f3n Industrial. Ha comisariado exposiciones como Real Time. Arte en tiempo real (Arts Santa M\u00f2nica), Data Cinema (Media Art Futures) y Extimidad. Arte, intimidad y tecnolog\u00eda (Es Baluard), entre otras. Editor de la secci\u00f3n de Media Art en la revista art.es, escribe regularmente para ETC Media y es editor de contenidos de los blogs de arte, dise\u00f1o y nuevos medios Art Matters y Design Matters de la UOC.<\/p>\n<p><a href=\"http:\/\/www.pauwaelder.com\" target=\"_blank\" rel=\"noopener\">www.pauwaelder.com<\/a>[\/vc_column_text][\/vc_column][vc_column width=\u00bb1\/3&#8243;][vc_single_image image=\u00bb168&#8243; img_size=\u00bbfull\u00bb alignment=\u00bbcenter\u00bb style=\u00bbvc_box_circle_2&#8243; image_hovers=\u00bbfalse\u00bb][vc_column_text]<\/p>\n<h4><strong>Jordi Ferreiro<\/strong><\/h4>\n<p>Jordi\u00a0Ferreiro\u00a0(Barcelona 1982) es artista y educador. Su trabajo consiste en una investigaci\u00f3n sobre los procesos de recepci\u00f3n e interpretaci\u00f3n de la obra de arte, tanto en el contexto educativo como en el art\u00edstico, a trav\u00e9s del uso de la performance y la participaci\u00f3n de los p\u00fablicos.<\/p>\n<p>Ferreiro\u00a0recurre a formatos entendidos dentro de la instituci\u00f3n expositiva como pedag\u00f3gicos para transformarlos en formatos art\u00edsticos (y viceversa) a partir del uso la colaboraci\u00f3n y el di\u00e1logo, de tal manera que lo tradicionalmente entendido como visitas guiadas (The Emperor\u2019s New Clothes), audiogu\u00edas (A Conversation with the museum or A performance to be performed), conferencias (Le Lotissement du ciel, Hyperconference) y eventos participativos (The presence or another Story\/Another occasion) se transforman en otras cosas.<\/p>\n<p>El trabajo de\u00a0Ferreiro\u00a0intenta generar interferencias entre los departamentos de curador\u00eda y mediaci\u00f3n de las instituciones culturales, alejando su pr\u00e1ctica de los canales tradicionales de difusi\u00f3n del arte. Bajo esta premisa,\u00a0Ferreiro\u00a0ha realizado proyectos en diferentes instituciones de \u00e1mbito internacional como Z33 (Belgium), Zacheta Gallery (Polonia), MAC (Bogot\u00e1 Museum of Contemporary Art), Lugar a Dudas (Cali), Valand Academy (Gothemburg), Ga\u00eet\u00e9 lyrique (France) y de \u00e1mbito local como MACBA (Barcelona Museum of Contemporary Art), CaixaForum (La Caixa Foundation Cultural Center), Fabra i Coats (Barcelona Center for Contemporary Art), Matadero (Madrid) y La Casa Encendida (Madrid).[\/vc_column_text][\/vc_column][\/vc_row][vc_row][vc_column][vc_column_text]<em>Foto: Gr\u00e9gory Chatonsky, L\u2019Enclave (2013)<\/em>[\/vc_column_text][\/vc_column][\/vc_row][vc_row][vc_column][vc_separator color=\u00bbblack\u00bb][\/vc_column][\/vc_row][vc_row margin_top=\u00bb10&#8243; margin_bottom=\u00bb-100px\u00bb css=\u00bb.vc_custom_1518276059315{margin-bottom: -50px !important;}\u00bb][vc_column]<style type=\"text\/css\" data-type=\"the7_shortcodes-inline-css\">.blog-shortcode.blog-masonry-shortcode-id-a8186f8ca97672758134402b9cdc4147.dividers-on.classic-layout-list article {\n  padding-top: 0;\n}\n.blog-shortcode.blog-masonry-shortcode-id-a8186f8ca97672758134402b9cdc4147.dividers-on.classic-layout-list article:first-of-type {\n  margin-top: 0;\n  padding-top: 0;\n}\n.blog-shortcode.blog-masonry-shortcode-id-a8186f8ca97672758134402b9cdc4147.classic-layout-list.mode-list .post-entry-content {\n  width: calc(100% - );\n}\n.blog-shortcode.blog-masonry-shortcode-id-a8186f8ca97672758134402b9cdc4147.classic-layout-list.mode-list .no-img .post-entry-content {\n  width: 100%;\n}\n.blog-shortcode.blog-masonry-shortcode-id-a8186f8ca97672758134402b9cdc4147 .paginator {\n  margin-top: 20px;\n}\n.blog-shortcode.blog-masonry-shortcode-id-a8186f8ca97672758134402b9cdc4147 .filter-bg-decoration .filter-categories a.act {\n  color: #fff;\n}\n.blog-shortcode.blog-masonry-shortcode-id-a8186f8ca97672758134402b9cdc4147:not(.mode-masonry) article:first-of-type,\n.blog-shortcode.blog-masonry-shortcode-id-a8186f8ca97672758134402b9cdc4147:not(.mode-masonry) article.visible.first:not(.product) {\n  margin-top: 0;\n}\n.blog-shortcode.blog-masonry-shortcode-id-a8186f8ca97672758134402b9cdc4147.dividers-on:not(.mode-masonry) article {\n  margin-top: 0;\n}\n.blog-shortcode.blog-masonry-shortcode-id-a8186f8ca97672758134402b9cdc4147.dividers-on:not(.mode-masonry) article:first-of-type,\n.blog-shortcode.blog-masonry-shortcode-id-a8186f8ca97672758134402b9cdc4147.dividers-on:not(.mode-masonry) article.visible.first:not(.product) {\n  margin-top: 0;\n  padding-top: 0;\n}\n.blog-shortcode.blog-masonry-shortcode-id-a8186f8ca97672758134402b9cdc4147 .post-thumbnail-wrap {\n  padding: 0px 0px 0px 0px;\n}\n.blog-shortcode.blog-masonry-shortcode-id-a8186f8ca97672758134402b9cdc4147.enable-bg-rollover .post-thumbnail-rollover:after {\n  background: -webkit-linear-gradient();\n  background: linear-gradient();\n}\n.blog-shortcode.blog-masonry-shortcode-id-a8186f8ca97672758134402b9cdc4147 .gallery-zoom-ico {\n  width: 44px;\n  height: 44px;\n  line-height: 44px;\n  border-radius: 100px;\n  margin: -22px 0 0 -22px;\n  border-width: 0px;\n  color: #ffffff;\n}\n.bottom-overlap-layout-list.blog-shortcode.blog-masonry-shortcode-id-a8186f8ca97672758134402b9cdc4147 .gallery-zoom-ico {\n  margin-top: -72px;\n}\n.gradient-overlay-layout-list.blog-shortcode.blog-masonry-shortcode-id-a8186f8ca97672758134402b9cdc4147 .gallery-zoom-ico,\n.content-rollover-layout-list.blog-shortcode.blog-masonry-shortcode-id-a8186f8ca97672758134402b9cdc4147 .gallery-zoom-ico {\n  margin: 0 0 10px;\n}\n.content-align-center.gradient-overlay-layout-list.blog-shortcode.blog-masonry-shortcode-id-a8186f8ca97672758134402b9cdc4147 .gallery-zoom-ico,\n.content-align-center.content-rollover-layout-list.blog-shortcode.blog-masonry-shortcode-id-a8186f8ca97672758134402b9cdc4147 .gallery-zoom-ico {\n  margin: 0 auto 10px;\n}\n.dt-icon-bg-on.blog-shortcode.blog-masonry-shortcode-id-a8186f8ca97672758134402b9cdc4147 .gallery-zoom-ico {\n  background: rgba(255,255,255,0.3);\n  box-shadow: none;\n}\n.blog-shortcode.blog-masonry-shortcode-id-a8186f8ca97672758134402b9cdc4147 .gallery-zoom-ico > span,\n.blog-shortcode.blog-masonry-shortcode-id-a8186f8ca97672758134402b9cdc4147 .gallery-zoom-ico:before {\n  font-size: 32px;\n  line-height: 44px;\n}\n.blog-shortcode.blog-masonry-shortcode-id-a8186f8ca97672758134402b9cdc4147 .gallery-zoom-ico > span,\n.blog-shortcode.blog-masonry-shortcode-id-a8186f8ca97672758134402b9cdc4147 .gallery-zoom-ico:before {\n  color: #ffffff;\n}\n.blog-shortcode.blog-masonry-shortcode-id-a8186f8ca97672758134402b9cdc4147 .entry-title,\n.blog-shortcode.blog-masonry-shortcode-id-a8186f8ca97672758134402b9cdc4147.owl-carousel .entry-title {\n  margin-bottom: 5px;\n  font-weight: bold;\n}\n.blog-shortcode.blog-masonry-shortcode-id-a8186f8ca97672758134402b9cdc4147 .entry-meta {\n  margin-bottom: 15px;\n}\n.blog-shortcode.blog-masonry-shortcode-id-a8186f8ca97672758134402b9cdc4147 .portfolio-categories {\n  margin-bottom: 15px;\n}\n.blog-shortcode.blog-masonry-shortcode-id-a8186f8ca97672758134402b9cdc4147 .entry-excerpt {\n  margin-bottom: 5px;\n}\n.blog-shortcode.blog-masonry-shortcode-id-a8186f8ca97672758134402b9cdc4147:not(.centered-layout-list) .post-entry-content {\n  padding: 20px 0px 20px 0px;\n}\n.blog-shortcode.blog-masonry-shortcode-id-a8186f8ca97672758134402b9cdc4147:not(.centered-layout-list):not(.content-bg-on):not(.mode-list) .no-img .post-entry-content {\n  padding: 0;\n}\n@media screen and (max-width: ) {\n  .blog-shortcode.blog-masonry-shortcode-id-a8186f8ca97672758134402b9cdc4147 article {\n    -ms-flex-flow: column nowrap;\n    flex-flow: column nowrap;\n    margin-top: 20px;\n  }\n  .blog-shortcode.blog-masonry-shortcode-id-a8186f8ca97672758134402b9cdc4147.dividers-on article {\n    border: none;\n  }\n  .blog-shortcode.blog-masonry-shortcode-id-a8186f8ca97672758134402b9cdc4147.content-bg-on.centered-layout-list article {\n    padding: 0;\n  }\n  .blog-shortcode.blog-masonry-shortcode-id-a8186f8ca97672758134402b9cdc4147.blog-shortcode.dividers-on article,\n  .blog-shortcode.blog-masonry-shortcode-id-a8186f8ca97672758134402b9cdc4147.dividers-on.classic-layout-list article {\n    margin-top: 20px;\n    padding: 0;\n  }\n  .blog-shortcode.blog-masonry-shortcode-id-a8186f8ca97672758134402b9cdc4147.blog-shortcode.dividers-on article:first-of-type,\n  .blog-shortcode.blog-masonry-shortcode-id-a8186f8ca97672758134402b9cdc4147.dividers-on.classic-layout-list article:first-of-type {\n    padding: 0;\n  }\n  #page .blog-shortcode.blog-masonry-shortcode-id-a8186f8ca97672758134402b9cdc4147 .post-thumbnail-wrap,\n  #page .blog-shortcode.blog-masonry-shortcode-id-a8186f8ca97672758134402b9cdc4147 .post-entry-content {\n    width: 100%;\n    margin: 0;\n    top: 0;\n  }\n  #page .blog-shortcode.blog-masonry-shortcode-id-a8186f8ca97672758134402b9cdc4147 .post-thumbnail-wrap {\n    padding: 0;\n  }\n  #page .blog-shortcode.blog-masonry-shortcode-id-a8186f8ca97672758134402b9cdc4147 .post-entry-content:after {\n    display: none;\n  }\n  #page .blog-shortcode.blog-masonry-shortcode-id-a8186f8ca97672758134402b9cdc4147 .project-even .post-thumbnail-wrap,\n  #page .blog-shortcode.blog-masonry-shortcode-id-a8186f8ca97672758134402b9cdc4147.centered-layout-list .post-thumbnail-wrap {\n    -ms-flex-order: 0;\n    order: 0;\n  }\n  #page .blog-shortcode.blog-masonry-shortcode-id-a8186f8ca97672758134402b9cdc4147.centered-layout-list .post-entry-title-content {\n    -ms-flex-order: 1;\n    order: 1;\n    width: 100%;\n    padding: 20px 20px 0;\n  }\n  #page .blog-shortcode.blog-masonry-shortcode-id-a8186f8ca97672758134402b9cdc4147.centered-layout-list .post-entry-content {\n    -ms-flex-order: 2;\n    order: 2;\n    padding-top: 0;\n  }\n  #page .blog-shortcode.blog-masonry-shortcode-id-a8186f8ca97672758134402b9cdc4147 .fancy-categories {\n    top: 10px;\n    left: 10px;\n    bottom: auto;\n    right: auto;\n  }\n  #page .blog-shortcode.blog-masonry-shortcode-id-a8186f8ca97672758134402b9cdc4147 .fancy-date a {\n    top: 10px;\n    right: 10px;\n    left: auto;\n    bottom: auto;\n  }\n  #page .blog-shortcode.blog-masonry-shortcode-id-a8186f8ca97672758134402b9cdc4147 .post-entry-content {\n    padding: 20px;\n  }\n  #page .blog-shortcode.blog-masonry-shortcode-id-a8186f8ca97672758134402b9cdc4147 .entry-title {\n    margin: 3px 0 5px;\n    font-size: 20px;\n    line-height: 26px;\n  }\n  #page .blog-shortcode.blog-masonry-shortcode-id-a8186f8ca97672758134402b9cdc4147 .entry-meta {\n    margin: 5px 0 5px;\n  }\n  #page .blog-shortcode.blog-masonry-shortcode-id-a8186f8ca97672758134402b9cdc4147 .entry-excerpt {\n    margin: 15px 0 0;\n  }\n  #page .blog-shortcode.blog-masonry-shortcode-id-a8186f8ca97672758134402b9cdc4147 .post-details {\n    margin: 5px 0 10px;\n  }\n  #page .blog-shortcode.blog-masonry-shortcode-id-a8186f8ca97672758134402b9cdc4147 .post-details.details-type-link {\n    margin-bottom: 2px;\n  }\n}<\/style><div class=\"blog-shortcode blog-masonry-shortcode-id-a8186f8ca97672758134402b9cdc4147 mode-masonry classic-layout-list jquery-filter dt-icon-bg-off resize-by-browser-width loading-effect-none description-under-image \" data-padding=\"15px\" data-cur-page=\"1\" data-post-limit=\"4\" data-pagination-mode=\"pages\" aria-live=\"assertive\" data-desktop-columns-num=\"2\" data-v-tablet-columns-num=\"2\" data-h-tablet-columns-num=\"2\" data-phone-columns-num=\"1\" data-width=\"0px\" data-columns=\"0\"><div class=\"iso-container\" ><div class=\"visible wf-cell iso-item\" data-post-id=\"505\" data-date=\"2018-05-18T23:09:58+01:00\" data-name=\"Pau Waelder\"><article class=\"post project-odd visible post-505 type-post status-publish format-standard has-post-thumbnail hentry category-entradas-identidades tag-privacidaddigital category-14 description-off\" data-name=\"Pau Waelder\" data-date=\"2018-05-18T23:09:58+01:00\">\n\n<div class=\"post-thumbnail-wrap\">\n\t<div class=\"post-thumbnail\">\n\t\t\n\t\t\n\t\t<a href=\"https:\/\/transversalia.consorcimuseus.gva.es\/es\/pau-waelder\/\" class=\"post-thumbnail-rollover layzr-bg layzr-bg\" ><img fetchpriority=\"high\" decoding=\"async\" class=\"iso-lazy-load preload-me iso-lazy-load aspect\" src=\"data:image\/svg+xml,%3Csvg%20xmlns%3D&#39;http%3A%2F%2Fwww.w3.org%2F2000%2Fsvg&#39;%20viewBox%3D&#39;0%200%20768%20512&#39;%2F%3E\" data-src=\"https:\/\/transversalia.consorcimuseus.gva.es\/wp-content\/uploads\/2018\/05\/PauWaelder-768x512.jpg\" data-srcset=\"https:\/\/transversalia.consorcimuseus.gva.es\/wp-content\/uploads\/2018\/05\/PauWaelder-768x512.jpg 768w, https:\/\/transversalia.consorcimuseus.gva.es\/wp-content\/uploads\/2018\/05\/PauWaelder.jpg 900w\" loading=\"eager\" style=\"--ratio: 768 \/ 512\" sizes=\"(max-width: 768px) 100vw, 768px\" alt=\"\" title=\"PauWaelder\" width=\"768\" height=\"512\"  \/><\/a>\t<\/div>\n<\/div>\n\n\n<div class=\"post-entry-content\">\n\n\t<h3 class=\"entry-title\">\n\t\t<a href=\"https:\/\/transversalia.consorcimuseus.gva.es\/es\/pau-waelder\/\" title=\"Pau Waelder\" rel=\"bookmark\">Pau Waelder<\/a>\n\t<\/h3>\n\n\t<div class=\"entry-meta\"><a href=\"https:\/\/transversalia.consorcimuseus.gva.es\/es\/2018\/05\/18\/\" title=\"23:09\" class=\"data-link\" rel=\"bookmark\"><time class=\"entry-date updated\" datetime=\"2018-05-18T23:09:58+01:00\">18\/05\/2018<\/time><\/a><\/div>\n\t\n\t\n<\/div><\/article><\/div><div class=\"visible wf-cell iso-item\" data-post-id=\"461\" data-date=\"2018-05-17T18:38:36+01:00\" data-name=\"Privacidad digital. El yo en la banda de M\u00f6bius. Una propuesta expositiva de Pau Waelder\"><article class=\"post project-odd visible post-461 type-post status-publish format-standard has-post-thumbnail hentry category-entradas-identidades tag-privacidaddigital category-14 description-off\" data-name=\"Privacidad digital. El yo en la banda de M\u00f6bius. Una propuesta expositiva de Pau Waelder\" data-date=\"2018-05-17T18:38:36+01:00\">\n\n<div class=\"post-thumbnail-wrap\">\n\t<div class=\"post-thumbnail\">\n\t\t\n\t\t\n\t\t<a href=\"https:\/\/transversalia.consorcimuseus.gva.es\/es\/privadesa-digital\/\" class=\"post-thumbnail-rollover layzr-bg layzr-bg\" ><img decoding=\"async\" class=\"iso-lazy-load preload-me iso-lazy-load aspect\" src=\"data:image\/svg+xml,%3Csvg%20xmlns%3D&#39;http%3A%2F%2Fwww.w3.org%2F2000%2Fsvg&#39;%20viewBox%3D&#39;0%200%20768%20512&#39;%2F%3E\" data-src=\"https:\/\/transversalia.consorcimuseus.gva.es\/wp-content\/uploads\/2018\/05\/PropuestaExpositiva-1-768x512.jpg\" data-srcset=\"https:\/\/transversalia.consorcimuseus.gva.es\/wp-content\/uploads\/2018\/05\/PropuestaExpositiva-1-768x512.jpg 768w, https:\/\/transversalia.consorcimuseus.gva.es\/wp-content\/uploads\/2018\/05\/PropuestaExpositiva-1.jpg 900w\" loading=\"eager\" style=\"--ratio: 768 \/ 512\" sizes=\"(max-width: 768px) 100vw, 768px\" alt=\"\" title=\"PropuestaExpositiva\" width=\"768\" height=\"512\"  \/><\/a>\t<\/div>\n<\/div>\n\n\n<div class=\"post-entry-content\">\n\n\t<h3 class=\"entry-title\">\n\t\t<a href=\"https:\/\/transversalia.consorcimuseus.gva.es\/es\/privadesa-digital\/\" title=\"Privacidad digital. El yo en la banda de M\u00f6bius. Una propuesta expositiva de Pau Waelder\" rel=\"bookmark\">Privacidad digital. El yo en la banda de M\u00f6bius. Una propuesta expositiva de Pau Waelder<\/a>\n\t<\/h3>\n\n\t<div class=\"entry-meta\"><a href=\"https:\/\/transversalia.consorcimuseus.gva.es\/es\/2018\/05\/17\/\" title=\"18:38\" class=\"data-link\" rel=\"bookmark\"><time class=\"entry-date updated\" datetime=\"2018-05-17T18:38:36+01:00\">17\/05\/2018<\/time><\/a><\/div>\n\t\n\t\n<\/div><\/article><\/div><\/div><!-- iso-container|iso-grid --><div class=\"paginator\" role=\"navigation\"><\/div><\/div>[\/vc_column][\/vc_row]<\/p>\n<\/div>","protected":false},"excerpt":{"rendered":"<p>[vc_row][vc_column width=\u00bb1\/3&#8243;][vc_single_image image=\u00bb88&#8243; img_size=\u00bb\u00bb alignment=\u00bbcenter\u00bb image_hovers=\u00bbfalse\u00bb][vc_column_text] Privacidad digital. El yo en la banda de Moebius En nuestra interacci\u00f3n cotidiana con los dispositivos digitales y los servicios de Internet, asumimos que tanto los aparatos como las plataformas de contenidos est\u00e1n a nuestro servicio y que obtenemos de la Red aquello que queremos, incluso sin dar nada&hellip;<\/p>\n","protected":false},"author":4,"featured_media":88,"comment_status":"closed","ping_status":"closed","template":"","dt_portfolio_category":[20],"dt_portfolio_tags":[],"class_list":["post-99","dt_portfolio","type-dt_portfolio","status-publish","has-post-thumbnail","hentry","dt_portfolio_category-eje-identidades","dt_portfolio_category-20","description-off"],"yoast_head":"<!-- This site is optimized with the Yoast SEO plugin v27.3 - https:\/\/yoast.com\/product\/yoast-seo-wordpress\/ -->\n<title>Privacidad digital. El yo en la banda de Moebius - Transversalia<\/title>\n<meta name=\"robots\" content=\"index, follow, max-snippet:-1, max-image-preview:large, max-video-preview:-1\" \/>\n<link rel=\"canonical\" href=\"https:\/\/transversalia.consorcimuseus.gva.es\/es\/ejes\/privacidad-digital-el-yo-en-la-banda-de-moebius\/\" \/>\n<meta property=\"og:locale\" content=\"es_ES\" \/>\n<meta property=\"og:type\" content=\"article\" \/>\n<meta property=\"og:title\" content=\"Privacidad digital. El yo en la banda de Moebius - Transversalia\" \/>\n<meta property=\"og:description\" content=\"[vc_row][vc_column width=\u00bb1\/3&#8243;][vc_single_image image=\u00bb88&#8243; img_size=\u00bb\u00bb alignment=\u00bbcenter\u00bb image_hovers=\u00bbfalse\u00bb][vc_column_text] Privacidad digital. El yo en la banda de Moebius En nuestra interacci\u00f3n cotidiana con los dispositivos digitales y los servicios de Internet, asumimos que tanto los aparatos como las plataformas de contenidos est\u00e1n a nuestro servicio y que obtenemos de la Red aquello que queremos, incluso sin dar nada&hellip;\" \/>\n<meta property=\"og:url\" content=\"https:\/\/transversalia.consorcimuseus.gva.es\/es\/ejes\/privacidad-digital-el-yo-en-la-banda-de-moebius\/\" \/>\n<meta property=\"og:site_name\" content=\"Transversalia\" \/>\n<meta property=\"article:modified_time\" content=\"2019-07-28T06:50:45+00:00\" \/>\n<meta property=\"og:image\" content=\"https:\/\/transversalia.consorcimuseus.gva.es\/wp-content\/uploads\/2018\/02\/identidades-taller-2.jpg\" \/>\n\t<meta property=\"og:image:width\" content=\"900\" \/>\n\t<meta property=\"og:image:height\" content=\"600\" \/>\n\t<meta property=\"og:image:type\" content=\"image\/jpeg\" \/>\n<meta name=\"twitter:card\" content=\"summary_large_image\" \/>\n<meta name=\"twitter:label1\" content=\"Tiempo de lectura\" \/>\n\t<meta name=\"twitter:data1\" content=\"5 minutos\" \/>\n<script type=\"application\/ld+json\" class=\"yoast-schema-graph\">{\"@context\":\"https:\\\/\\\/schema.org\",\"@graph\":[{\"@type\":\"WebPage\",\"@id\":\"https:\\\/\\\/transversalia.consorcimuseus.gva.es\\\/es\\\/ejes\\\/privacidad-digital-el-yo-en-la-banda-de-moebius\\\/\",\"url\":\"https:\\\/\\\/transversalia.consorcimuseus.gva.es\\\/es\\\/ejes\\\/privacidad-digital-el-yo-en-la-banda-de-moebius\\\/\",\"name\":\"Privacidad digital. El yo en la banda de Moebius - Transversalia\",\"isPartOf\":{\"@id\":\"https:\\\/\\\/transversalia.consorcimuseus.gva.es\\\/es\\\/#website\"},\"primaryImageOfPage\":{\"@id\":\"https:\\\/\\\/transversalia.consorcimuseus.gva.es\\\/es\\\/ejes\\\/privacidad-digital-el-yo-en-la-banda-de-moebius\\\/#primaryimage\"},\"image\":{\"@id\":\"https:\\\/\\\/transversalia.consorcimuseus.gva.es\\\/es\\\/ejes\\\/privacidad-digital-el-yo-en-la-banda-de-moebius\\\/#primaryimage\"},\"thumbnailUrl\":\"https:\\\/\\\/transversalia.consorcimuseus.gva.es\\\/wp-content\\\/uploads\\\/2018\\\/02\\\/identidades-taller-2.jpg\",\"datePublished\":\"2018-02-08T17:38:14+00:00\",\"dateModified\":\"2019-07-28T06:50:45+00:00\",\"breadcrumb\":{\"@id\":\"https:\\\/\\\/transversalia.consorcimuseus.gva.es\\\/es\\\/ejes\\\/privacidad-digital-el-yo-en-la-banda-de-moebius\\\/#breadcrumb\"},\"inLanguage\":\"es\",\"potentialAction\":[{\"@type\":\"ReadAction\",\"target\":[\"https:\\\/\\\/transversalia.consorcimuseus.gva.es\\\/es\\\/ejes\\\/privacidad-digital-el-yo-en-la-banda-de-moebius\\\/\"]}]},{\"@type\":\"ImageObject\",\"inLanguage\":\"es\",\"@id\":\"https:\\\/\\\/transversalia.consorcimuseus.gva.es\\\/es\\\/ejes\\\/privacidad-digital-el-yo-en-la-banda-de-moebius\\\/#primaryimage\",\"url\":\"https:\\\/\\\/transversalia.consorcimuseus.gva.es\\\/wp-content\\\/uploads\\\/2018\\\/02\\\/identidades-taller-2.jpg\",\"contentUrl\":\"https:\\\/\\\/transversalia.consorcimuseus.gva.es\\\/wp-content\\\/uploads\\\/2018\\\/02\\\/identidades-taller-2.jpg\",\"width\":900,\"height\":600,\"caption\":\"Privacidad digital. El yo en la banda de Moebius\"},{\"@type\":\"BreadcrumbList\",\"@id\":\"https:\\\/\\\/transversalia.consorcimuseus.gva.es\\\/es\\\/ejes\\\/privacidad-digital-el-yo-en-la-banda-de-moebius\\\/#breadcrumb\",\"itemListElement\":[{\"@type\":\"ListItem\",\"position\":1,\"name\":\"Inicio\",\"item\":\"https:\\\/\\\/transversalia.consorcimuseus.gva.es\\\/es\\\/\"},{\"@type\":\"ListItem\",\"position\":2,\"name\":\"Ejes\",\"item\":\"https:\\\/\\\/transversalia.consorcimuseus.gva.es\\\/es\\\/ejes\\\/\"},{\"@type\":\"ListItem\",\"position\":3,\"name\":\"Identidades\",\"item\":\"https:\\\/\\\/transversalia.consorcimuseus.gva.es\\\/es\\\/project-category\\\/eje-identidades\\\/\"},{\"@type\":\"ListItem\",\"position\":4,\"name\":\"Privacidad digital. El yo en la banda de Moebius\"}]},{\"@type\":\"WebSite\",\"@id\":\"https:\\\/\\\/transversalia.consorcimuseus.gva.es\\\/es\\\/#website\",\"url\":\"https:\\\/\\\/transversalia.consorcimuseus.gva.es\\\/es\\\/\",\"name\":\"Transversalia\",\"description\":\"\",\"potentialAction\":[{\"@type\":\"SearchAction\",\"target\":{\"@type\":\"EntryPoint\",\"urlTemplate\":\"https:\\\/\\\/transversalia.consorcimuseus.gva.es\\\/es\\\/?s={search_term_string}\"},\"query-input\":{\"@type\":\"PropertyValueSpecification\",\"valueRequired\":true,\"valueName\":\"search_term_string\"}}],\"inLanguage\":\"es\"}]}<\/script>\n<!-- \/ Yoast SEO plugin. -->","yoast_head_json":{"title":"Privacidad digital. El yo en la banda de Moebius - Transversalia","robots":{"index":"index","follow":"follow","max-snippet":"max-snippet:-1","max-image-preview":"max-image-preview:large","max-video-preview":"max-video-preview:-1"},"canonical":"https:\/\/transversalia.consorcimuseus.gva.es\/es\/ejes\/privacidad-digital-el-yo-en-la-banda-de-moebius\/","og_locale":"es_ES","og_type":"article","og_title":"Privacidad digital. El yo en la banda de Moebius - Transversalia","og_description":"[vc_row][vc_column width=\u00bb1\/3&#8243;][vc_single_image image=\u00bb88&#8243; img_size=\u00bb\u00bb alignment=\u00bbcenter\u00bb image_hovers=\u00bbfalse\u00bb][vc_column_text] Privacidad digital. El yo en la banda de Moebius En nuestra interacci\u00f3n cotidiana con los dispositivos digitales y los servicios de Internet, asumimos que tanto los aparatos como las plataformas de contenidos est\u00e1n a nuestro servicio y que obtenemos de la Red aquello que queremos, incluso sin dar nada&hellip;","og_url":"https:\/\/transversalia.consorcimuseus.gva.es\/es\/ejes\/privacidad-digital-el-yo-en-la-banda-de-moebius\/","og_site_name":"Transversalia","article_modified_time":"2019-07-28T06:50:45+00:00","og_image":[{"width":900,"height":600,"url":"https:\/\/transversalia.consorcimuseus.gva.es\/wp-content\/uploads\/2018\/02\/identidades-taller-2.jpg","type":"image\/jpeg"}],"twitter_card":"summary_large_image","twitter_misc":{"Tiempo de lectura":"5 minutos"},"schema":{"@context":"https:\/\/schema.org","@graph":[{"@type":"WebPage","@id":"https:\/\/transversalia.consorcimuseus.gva.es\/es\/ejes\/privacidad-digital-el-yo-en-la-banda-de-moebius\/","url":"https:\/\/transversalia.consorcimuseus.gva.es\/es\/ejes\/privacidad-digital-el-yo-en-la-banda-de-moebius\/","name":"Privacidad digital. El yo en la banda de Moebius - Transversalia","isPartOf":{"@id":"https:\/\/transversalia.consorcimuseus.gva.es\/es\/#website"},"primaryImageOfPage":{"@id":"https:\/\/transversalia.consorcimuseus.gva.es\/es\/ejes\/privacidad-digital-el-yo-en-la-banda-de-moebius\/#primaryimage"},"image":{"@id":"https:\/\/transversalia.consorcimuseus.gva.es\/es\/ejes\/privacidad-digital-el-yo-en-la-banda-de-moebius\/#primaryimage"},"thumbnailUrl":"https:\/\/transversalia.consorcimuseus.gva.es\/wp-content\/uploads\/2018\/02\/identidades-taller-2.jpg","datePublished":"2018-02-08T17:38:14+00:00","dateModified":"2019-07-28T06:50:45+00:00","breadcrumb":{"@id":"https:\/\/transversalia.consorcimuseus.gva.es\/es\/ejes\/privacidad-digital-el-yo-en-la-banda-de-moebius\/#breadcrumb"},"inLanguage":"es","potentialAction":[{"@type":"ReadAction","target":["https:\/\/transversalia.consorcimuseus.gva.es\/es\/ejes\/privacidad-digital-el-yo-en-la-banda-de-moebius\/"]}]},{"@type":"ImageObject","inLanguage":"es","@id":"https:\/\/transversalia.consorcimuseus.gva.es\/es\/ejes\/privacidad-digital-el-yo-en-la-banda-de-moebius\/#primaryimage","url":"https:\/\/transversalia.consorcimuseus.gva.es\/wp-content\/uploads\/2018\/02\/identidades-taller-2.jpg","contentUrl":"https:\/\/transversalia.consorcimuseus.gva.es\/wp-content\/uploads\/2018\/02\/identidades-taller-2.jpg","width":900,"height":600,"caption":"Privacidad digital. El yo en la banda de Moebius"},{"@type":"BreadcrumbList","@id":"https:\/\/transversalia.consorcimuseus.gva.es\/es\/ejes\/privacidad-digital-el-yo-en-la-banda-de-moebius\/#breadcrumb","itemListElement":[{"@type":"ListItem","position":1,"name":"Inicio","item":"https:\/\/transversalia.consorcimuseus.gva.es\/es\/"},{"@type":"ListItem","position":2,"name":"Ejes","item":"https:\/\/transversalia.consorcimuseus.gva.es\/es\/ejes\/"},{"@type":"ListItem","position":3,"name":"Identidades","item":"https:\/\/transversalia.consorcimuseus.gva.es\/es\/project-category\/eje-identidades\/"},{"@type":"ListItem","position":4,"name":"Privacidad digital. El yo en la banda de Moebius"}]},{"@type":"WebSite","@id":"https:\/\/transversalia.consorcimuseus.gva.es\/es\/#website","url":"https:\/\/transversalia.consorcimuseus.gva.es\/es\/","name":"Transversalia","description":"","potentialAction":[{"@type":"SearchAction","target":{"@type":"EntryPoint","urlTemplate":"https:\/\/transversalia.consorcimuseus.gva.es\/es\/?s={search_term_string}"},"query-input":{"@type":"PropertyValueSpecification","valueRequired":true,"valueName":"search_term_string"}}],"inLanguage":"es"}]}},"_links":{"self":[{"href":"https:\/\/transversalia.consorcimuseus.gva.es\/es\/wp-json\/wp\/v2\/dt_portfolio\/99","targetHints":{"allow":["GET"]}}],"collection":[{"href":"https:\/\/transversalia.consorcimuseus.gva.es\/es\/wp-json\/wp\/v2\/dt_portfolio"}],"about":[{"href":"https:\/\/transversalia.consorcimuseus.gva.es\/es\/wp-json\/wp\/v2\/types\/dt_portfolio"}],"author":[{"embeddable":true,"href":"https:\/\/transversalia.consorcimuseus.gva.es\/es\/wp-json\/wp\/v2\/users\/4"}],"replies":[{"embeddable":true,"href":"https:\/\/transversalia.consorcimuseus.gva.es\/es\/wp-json\/wp\/v2\/comments?post=99"}],"version-history":[{"count":0,"href":"https:\/\/transversalia.consorcimuseus.gva.es\/es\/wp-json\/wp\/v2\/dt_portfolio\/99\/revisions"}],"wp:featuredmedia":[{"embeddable":true,"href":"https:\/\/transversalia.consorcimuseus.gva.es\/es\/wp-json\/wp\/v2\/media\/88"}],"wp:attachment":[{"href":"https:\/\/transversalia.consorcimuseus.gva.es\/es\/wp-json\/wp\/v2\/media?parent=99"}],"wp:term":[{"taxonomy":"dt_portfolio_category","embeddable":true,"href":"https:\/\/transversalia.consorcimuseus.gva.es\/es\/wp-json\/wp\/v2\/dt_portfolio_category?post=99"},{"taxonomy":"dt_portfolio_tags","embeddable":true,"href":"https:\/\/transversalia.consorcimuseus.gva.es\/es\/wp-json\/wp\/v2\/dt_portfolio_tags?post=99"}],"curies":[{"name":"wp","href":"https:\/\/api.w.org\/{rel}","templated":true}]}}